{"id":2703,"date":"2022-01-19T10:09:05","date_gmt":"2022-01-19T10:09:05","guid":{"rendered":"https:\/\/www.verstraetegraphics.be\/vie-privee\/"},"modified":"2026-03-17T14:04:19","modified_gmt":"2026-03-17T14:04:19","slug":"vie-privee","status":"publish","type":"page","link":"https:\/\/www.verstraetegraphics.be\/fr\/vie-privee\/","title":{"rendered":"Vie priv\u00e9e"},"content":{"rendered":"\n<div class=\"et_pb_section_0 et_pb_section et_section_regular et_block_section\"><div class=\"et_pb_row_0 et_pb_row et_block_row et_animated\"><div class=\"et_pb_column_0 et_pb_column et_pb_column_4_4 et-last-child et_block_column et_pb_css_mix_blend_mode_passthrough\"><div class=\"et_pb_text_0 et_pb_text et_pb_bg_layout_light et_pb_module et_block_module et_pb_text_align_left-tablet\"><div class=\"et_pb_text_inner\"><h2>Vie priv\u00e9e<\/h2>\n<\/div><\/div><\/div><\/div><div class=\"et_pb_row_1 et_pb_row et_block_row et_animated\"><div class=\"et_pb_column_1 et_pb_column et_pb_column_1_2 et_block_column et_pb_css_mix_blend_mode_passthrough\"><div class=\"et_pb_text_1 et_pb_text et_pb_bg_layout_light et_pb_module et_block_module et_pb_text_align_justified\"><div class=\"et_pb_text_inner\"><h3>G\u00e9n\u00e9ral<\/h3>\n<\/div><\/div><div class=\"et_pb_divider_0 et_pb_divider et_pb_space et_pb_divider_position_top et_pb_module\"><div class=\"et_pb_divider_internal\"><\/div><\/div><div class=\"et_pb_text_2 et_pb_text et_pb_bg_layout_light et_pb_module et_block_module et_pb_text_align_justified\"><div class=\"et_pb_text_inner\"><p>Verstraete Graphics nv traitera vos donn\u00e9es personnelles avec la plus grande confidentialit\u00e9. Ce faisant, nous tenons compte de toutes les dispositions l\u00e9gales de la l\u00e9gislation applicable en mati\u00e8re de protection de la vie priv\u00e9e et le r\u00e8glement g\u00e9n\u00e9ral sur la protection des donn\u00e9es (\" RGPD \") en fait partie.<br \/>La pr\u00e9sente d\u00e9claration de confidentialit\u00e9 s'applique au traitement de vos donn\u00e9es personnelles dans le cadre de diverses applications mises \u00e0 disposition ou g\u00e9r\u00e9es par nous ou en notre nom.<\/p>\n<p>Nous vous demandons de consulter notre politique de confidentialit\u00e9 ci-dessous.<\/p>\n<p>La demande de prix ou d'informations, la visite de notre site web, les m\u00e9dias sociaux, l'utilisation de nos produits et services constituent automatiquement une autorisation de traiter et de collecter des donn\u00e9es personnelles.<\/p>\n<\/div><\/div><div class=\"et_pb_text_3 et_pb_text et_pb_bg_layout_light et_pb_module et_block_module et_pb_text_align_justified\"><div class=\"et_pb_text_inner\"><h3>Qui est responsable du traitement de vos donn\u00e9es personnelles ?<\/h3>\n<\/div><\/div><div class=\"et_pb_divider_1 et_pb_divider et_pb_space et_pb_divider_position_top et_pb_module\"><div class=\"et_pb_divider_internal\"><\/div><\/div><div class=\"et_pb_text_4 et_pb_text et_pb_bg_layout_light et_pb_module et_block_module et_pb_text_align_justified\"><div class=\"et_pb_text_inner\"><p>Le responsable du traitement des donn\u00e9es est :<br \/>\nVerstraete Graphics nv, Leerlooierijstraat 10, 8600 Diksmuide (Belgique), sous le num\u00e9ro d'entreprise 0416 219 773.<\/p>\n<\/div><\/div><div class=\"et_pb_text_5 et_pb_text et_pb_bg_layout_light et_pb_module et_block_module et_pb_text_align_justified\"><div class=\"et_pb_text_inner\"><h3>Comment et sur quelle base juridique traitons-nous vos donn\u00e9es personnelles ?<\/h3>\n<\/div><\/div><div class=\"et_pb_divider_2 et_pb_divider et_pb_space et_pb_divider_position_top et_pb_module\"><div class=\"et_pb_divider_internal\"><\/div><\/div><div class=\"et_pb_text_6 et_pb_text et_pb_bg_layout_light et_pb_module et_block_module et_pb_text_align_justified\"><div class=\"et_pb_text_inner\"><p>Vous trouverez ci-dessous un aper\u00e7u des donn\u00e9es \u00e0 caract\u00e8re personnel qui sont trait\u00e9es, la ou les bases juridiques et la ou les finalit\u00e9s du traitement, si les donn\u00e9es sont transf\u00e9r\u00e9es et les p\u00e9riodes de conservation applicables :<br \/>Nous offrons \u00e0 nos consommateurs la possibilit\u00e9 d'envoyer leurs questions via le site web.<br \/>Les donn\u00e9es suivantes sont collect\u00e9es, stock\u00e9es et trait\u00e9es :<\/p>\n<ul>\n<li>Pr\u00e9nom et nom de famille<\/li>\n<li>Entreprise<\/li>\n<li>Adresse \u00e9lectronique<\/li>\n<li>Num\u00e9ro de t\u00e9l\u00e9phone<\/li>\n<li>Texte du message<\/li>\n<\/ul>\n<p>Le traitement des donn\u00e9es est destin\u00e9 exclusivement au traitement de votre demande. Nous conserverons vos donn\u00e9es aussi longtemps que n\u00e9cessaire pour traiter votre demande et nous supprimerons ces donn\u00e9es apr\u00e8s traitement dans le d\u00e9lai l\u00e9gal impos\u00e9.<\/p>\n<\/div><\/div><\/div><div class=\"et_pb_column_2 et_pb_column et_pb_column_1_2 et-last-child et_block_column et_pb_css_mix_blend_mode_passthrough\"><div class=\"et_pb_text_7 et_pb_text et_pb_bg_layout_light et_pb_module et_block_module et_pb_text_align_justified\"><div class=\"et_pb_text_inner\"><h4>Activit\u00e9s commerciales<\/h4>\n<p>Dans le cadre de la gestion de nos clients et fournisseurs, il est possible que nous recevions ou recueillions des donn\u00e9es personnelles.<br \/>Le traitement des donn\u00e9es est destin\u00e9 exclusivement au d\u00e9veloppement des relations commerciales et est donc justifi\u00e9. Les droits \u00e0 la vie priv\u00e9e sont respect\u00e9s. Vos donn\u00e9es seront conserv\u00e9es pendant 10 ans apr\u00e8s la fin de notre relation commerciale.<\/p>\n<\/div><\/div><div class=\"et_pb_text_8 et_pb_text et_pb_bg_layout_light et_pb_module et_block_module et_pb_text_align_justified\"><div class=\"et_pb_text_inner\"><h3>Protection de vos donn\u00e9es personnelles<\/h3>\n<\/div><\/div><div class=\"et_pb_divider_3 et_pb_divider et_pb_space et_pb_divider_position_top et_pb_module\"><div class=\"et_pb_divider_internal\"><\/div><\/div><div class=\"et_pb_text_9 et_pb_text et_pb_bg_layout_light et_pb_module et_block_module et_pb_text_align_justified\"><div class=\"et_pb_text_inner\"><p>Vos donn\u00e9es personnelles seront prot\u00e9g\u00e9es contre tout acc\u00e8s ill\u00e9gal ou non autoris\u00e9. Notre infrastructure informatique est \u00e9quip\u00e9e \u00e0 cet effet, conform\u00e9ment aux normes actuelles du march\u00e9.<br \/>\nLes donn\u00e9es personnelles ne sont pas transmises ou vendues \u00e0 des tiers.<br \/>\nLes fournisseurs de services de stockage et de transport de donn\u00e9es ne sont pas autoris\u00e9s \u00e0 utiliser vos donn\u00e9es et ont leur propre politique de confidentialit\u00e9.<\/p>\n<\/div><\/div><div class=\"et_pb_text_10 et_pb_text et_pb_bg_layout_light et_pb_module et_block_module et_pb_text_align_justified\"><div class=\"et_pb_text_inner\"><h3>Cookies<\/h3>\n<\/div><\/div><div class=\"et_pb_divider_4 et_pb_divider et_pb_space et_pb_divider_position_top et_pb_module\"><div class=\"et_pb_divider_internal\"><\/div><\/div><div class=\"et_pb_text_11 et_pb_text et_pb_bg_layout_light et_pb_module et_block_module et_pb_text_align_justified\"><div class=\"et_pb_text_inner\"><p>Nous ne collectons des cookies que pour am\u00e9liorer le fonctionnement de notre site web. Les informations techniques obtenues ne sont pas utilis\u00e9es comme des donn\u00e9es personnelles individuelles mais uniquement pour l'analyse de notre site web.<\/p>\n<\/div><\/div><div class=\"et_pb_text_12 et_pb_text et_pb_bg_layout_light et_pb_module et_block_module et_pb_text_align_justified\"><div class=\"et_pb_text_inner\"><h3>Contact<\/h3>\n<\/div><\/div><div class=\"et_pb_divider_5 et_pb_divider et_pb_space et_pb_divider_position_top et_pb_module\"><div class=\"et_pb_divider_internal\"><\/div><\/div><div class=\"et_pb_text_13 et_pb_text et_pb_bg_layout_light et_pb_module et_block_module et_pb_text_align_justified\"><div class=\"et_pb_text_inner\"><p>Pour toute question concernant notre politique de confidentialit\u00e9, vous pouvez toujours nous contacter via info@verstraetegraphics.be.<\/p>\n<\/div><\/div><div class=\"et_pb_text_14 et_pb_text et_pb_bg_layout_light et_pb_module et_block_module et_pb_text_align_justified\"><div class=\"et_pb_text_inner\"><h3>Modifications de la pr\u00e9sente d\u00e9claration de confidentialit\u00e9<\/h3>\n<\/div><\/div><div class=\"et_pb_divider_6 et_pb_divider et_pb_space et_pb_divider_position_top et_pb_module\"><div class=\"et_pb_divider_internal\"><\/div><\/div><div class=\"et_pb_text_15 et_pb_text et_pb_bg_layout_light et_pb_module et_block_module et_pb_text_align_justified\"><div class=\"et_pb_text_inner\"><p>Notre d\u00e9claration de confidentialit\u00e9 est r\u00e9guli\u00e8rement mise \u00e0 jour<\/p>\n<\/div><\/div><\/div><\/div><\/div>\n","protected":false},"excerpt":{"rendered":"","protected":false},"author":1,"featured_media":0,"parent":0,"menu_order":0,"comment_status":"closed","ping_status":"closed","template":"","meta":{"footnotes":""},"dipi_cpt_category":[],"class_list":["post-2703","page","type-page","status-publish","hentry"],"_links":{"self":[{"href":"https:\/\/www.verstraetegraphics.be\/fr\/wp-json\/wp\/v2\/pages\/2703","targetHints":{"allow":["GET"]}}],"collection":[{"href":"https:\/\/www.verstraetegraphics.be\/fr\/wp-json\/wp\/v2\/pages"}],"about":[{"href":"https:\/\/www.verstraetegraphics.be\/fr\/wp-json\/wp\/v2\/types\/page"}],"author":[{"embeddable":true,"href":"https:\/\/www.verstraetegraphics.be\/fr\/wp-json\/wp\/v2\/users\/1"}],"replies":[{"embeddable":true,"href":"https:\/\/www.verstraetegraphics.be\/fr\/wp-json\/wp\/v2\/comments?post=2703"}],"version-history":[{"count":6,"href":"https:\/\/www.verstraetegraphics.be\/fr\/wp-json\/wp\/v2\/pages\/2703\/revisions"}],"predecessor-version":[{"id":3968,"href":"https:\/\/www.verstraetegraphics.be\/fr\/wp-json\/wp\/v2\/pages\/2703\/revisions\/3968"}],"wp:attachment":[{"href":"https:\/\/www.verstraetegraphics.be\/fr\/wp-json\/wp\/v2\/media?parent=2703"}],"wp:term":[{"taxonomy":"dipi_cpt_category","embeddable":true,"href":"https:\/\/www.verstraetegraphics.be\/fr\/wp-json\/wp\/v2\/dipi_cpt_category?post=2703"}],"curies":[{"name":"wp","href":"https:\/\/api.w.org\/{rel}","templated":true}]}}